{"id":6966,"date":"2023-10-20T15:46:02","date_gmt":"2023-10-20T14:46:02","guid":{"rendered":"http:\/\/portugaldirectory.pt\/directory\/alfaiate-garcia\/"},"modified":"2024-01-15T18:06:16","modified_gmt":"2024-01-15T18:06:16","slug":"alfaiate-garcia","status":"publish","type":"at_biz_dir","link":"https:\/\/portugaldirectory.pt\/pt\/directory\/alfaiate-garcia\/","title":{"rendered":"Alfaiate e Garcia"},"content":{"rendered":"<div id=\"comp-kbccenc7\" class=\"BaOVQ8 tz5f0K comp-kbccenc7 wixui-rich-text\" data-testid=\"richTextElement\">\n<p class=\"font_8 wixui-rich-text__text\"><strong><span class=\"wixui-rich-text__text\"><span class=\"color_20 wixui-rich-text__text\">Porque os nossos clientes s\u00e3o muito importantes para n\u00f3s?<\/span><\/span><span class=\"wixui-rich-text__text\"><span class=\"color_20 wixui-rich-text__text\">?<\/span><\/span><\/strong><\/p>\n<\/div>\n<div id=\"comp-kbcccicb\" class=\"BaOVQ8 tz5f0K comp-kbcccicb wixui-rich-text\" data-testid=\"richTextElement\">\n<p class=\"font_9 wixui-rich-text__text\"><span class=\"wixui-rich-text__text\"><span class=\"color_20 wixui-rich-text__text\">\u00a0<\/span><\/span>Acompanhamos os nossos clientes de uma forma exclusiva e personalizada, atrav\u00e9s das nossas solu\u00e7\u00f5es de seguros em todas as etapas das suas vidas.<\/p>\n<p class=\"font_8 wixui-rich-text__text\">Queremos ser o parceiro de confian\u00e7a para pessoas individuais e as suas fam\u00edlias, para as institui\u00e7\u00f5es e as empresas, independentemente do seu tamanho.<\/p>\n<p class=\"font_8 wixui-rich-text__text\">Levamos at\u00e9 si as melhores ofertas para a prote\u00e7\u00e3o de patrim\u00f3nio e bens.<\/p>\n<p class=\"font_8 wixui-rich-text__text\">O atendimento pessoal e a elabora\u00e7\u00e3o dum perfil completo de riscos s\u00e3o as condi\u00e7\u00f5es para uma parceria de sucesso.<\/p>\n<h2 class=\"font_2 wixui-rich-text__text\"><span class=\"wixui-rich-text__text\"><span class=\"color_20 wixui-rich-text__text\">A Alfaiate &amp; Garcia \u00e9 uma ag\u00eancia de seguros multimarcas com quase 30 anos de experi\u00eancia.<\/span><\/span><\/h2>\n<p class=\"font_9 wixui-rich-text__text\"><span class=\"wixui-rich-text__text\"><span class=\"wixGuard wixui-rich-text__text\">Nossa equipe altamente experiente est\u00e1 sempre \u00e0 disposi\u00e7\u00e3o para ajud\u00e1-lo a gerenciar seu portf\u00f3lio de seguros e suas solicita\u00e7\u00f5es de indeniza\u00e7\u00e3o.<\/span><\/span><\/p>\n<p>O fundador, Jo\u00e3o Lu\u00eds Ferreira Garcia, iniciou sua carreira no setor de seguros em 1992 com seu irm\u00e3o e seu pai.<\/p>\n<p>Em 2000 fundaram a Jo\u00e3o Ingl\u00eas Garcia &amp; Filhos Lda. Em 2002, Sara Alfaiate Garcia juntou-se \u00e0 equipa, desenvolvendo e fazendo crescer a empresa.<span class=\"wixui-rich-text__text\"><span class=\"wixGuard wixui-rich-text__text\">\u200b<\/span><\/span><\/p>\n<h2 class=\"font_2 wixui-rich-text__text\">Em 2014, abriram um escrit\u00f3rio em Lourinh\u00e3, o que se revelou uma mais-valia para a atividade da empresa e para a expans\u00e3o do neg\u00f3cio, tornando o seu profissionalismo e experi\u00eancia conhecidos por um n\u00famero cada vez maior de clientes, aumentando assim o volume de neg\u00f3cios.<\/h2>\n<p>No in\u00edcio de 2018, a Alfaiate &amp; Garcia Lda nasceu sob a gest\u00e3o de Jo\u00e3o Lu\u00eds Ferreira Garcia e Sara Alfaiate Garcia, mantendo o escrit\u00f3rio na Lourinh\u00e3 e abrindo um novo espa\u00e7o em Ribamar.<\/p>\n<\/div>","protected":false},"author":250,"comment_status":"closed","ping_status":"closed","template":"","atbdp_listing_types":[2],"at_biz_dir-category":[332],"at_biz_dir-location":[494],"at_biz_dir-tags":[935],"class_list":["post-6966","at_biz_dir","type-at_biz_dir","status-publish","has-post-thumbnail","hentry","atbdp_listing_types-business","at_biz_dir-category-business-professional-services","at_biz_dir-location-lourinha","at_biz_dir-tags-insurance"],"_links":{"self":[{"href":"https:\/\/portugaldirectory.pt\/pt\/wp-json\/wp\/v2\/at_biz_dir\/6966","targetHints":{"allow":["GET"]}}],"collection":[{"href":"https:\/\/portugaldirectory.pt\/pt\/wp-json\/wp\/v2\/at_biz_dir"}],"about":[{"href":"https:\/\/portugaldirectory.pt\/pt\/wp-json\/wp\/v2\/types\/at_biz_dir"}],"author":[{"embeddable":true,"href":"https:\/\/portugaldirectory.pt\/pt\/wp-json\/wp\/v2\/users\/250"}],"replies":[{"embeddable":true,"href":"https:\/\/portugaldirectory.pt\/pt\/wp-json\/wp\/v2\/comments?post=6966"}],"wp:featuredmedia":[{"embeddable":true,"href":"https:\/\/portugaldirectory.pt\/pt\/wp-json\/wp\/v2\/media\/6981"}],"wp:attachment":[{"href":"https:\/\/portugaldirectory.pt\/pt\/wp-json\/wp\/v2\/media?parent=6966"}],"wp:term":[{"taxonomy":"atbdp_listing_types","embeddable":true,"href":"https:\/\/portugaldirectory.pt\/pt\/wp-json\/wp\/v2\/atbdp_listing_types?post=6966"},{"taxonomy":"at_biz_dir-category","embeddable":true,"href":"https:\/\/portugaldirectory.pt\/pt\/wp-json\/wp\/v2\/at_biz_dir-category?post=6966"},{"taxonomy":"at_biz_dir-location","embeddable":true,"href":"https:\/\/portugaldirectory.pt\/pt\/wp-json\/wp\/v2\/at_biz_dir-location?post=6966"},{"taxonomy":"at_biz_dir-tags","embeddable":true,"href":"https:\/\/portugaldirectory.pt\/pt\/wp-json\/wp\/v2\/at_biz_dir-tags?post=6966"}],"curies":[{"name":"wp","href":"https:\/\/api.w.org\/{rel}","templated":true}]}}